{"id":98,"date":"2025-05-20T13:53:41","date_gmt":"2025-05-20T13:53:41","guid":{"rendered":"http:\/\/www.fredy.innovaiestp.org\/?page_id=98"},"modified":"2025-05-27T14:04:09","modified_gmt":"2025-05-27T14:04:09","slug":"6_educacion","status":"publish","type":"page","link":"https:\/\/www.fredy.innovaiestp.org\/index.php\/6_educacion\/","title":{"rendered":"6_EDUCACION"},"content":{"rendered":"\n<h1 class=\"wp-block-heading has-text-align-center has-navy-blue-color has-text-color has-link-color wp-elements-7f7ace8f9e42f8b317ac3fc249037996\"><strong>La Educaci\u00f3n en la Instituci\u00f3n Educativa Secundaria T\u00fapac Katari de Villa Socca<\/strong><\/h1>\n\n\n\n<p class=\"has-normal-font-size\">La educaci\u00f3n que se imparte en la Instituci\u00f3n Educativa Secundaria T\u00fapac Katari de Villa Socca va m\u00e1s all\u00e1 de la simple transmisi\u00f3n de conocimientos. En esta comunidad, la educaci\u00f3n se entiende como un proceso integral que busca formar personas cr\u00edticas, creativas y comprometidas con su entorno social y cultural.<\/p>\n\n\n\n<h2 class=\"wp-block-heading has-green-color has-text-color has-link-color wp-elements-3a4d74667382923dd45da4564a4a7dc4\"><strong>Formaci\u00f3n Integral y Desarrollo de Competencias<\/strong><\/h2>\n\n\n\n<figure class=\"wp-block-gallery has-nested-images columns-default is-cropped wp-block-gallery-1 is-layout-flex wp-block-gallery-is-layout-flex\">\n<figure class=\"wp-block-image size-large\"><img fetchpriority=\"high\" decoding=\"async\" width=\"259\" height=\"194\" data-id=\"217\" src=\"https:\/\/www.fredy.innovaiestp.org\/wp-content\/uploads\/2025\/05\/local_02.jpg\" alt=\"\" class=\"wp-image-217\"\/><\/figure>\n\n\n\n<figure class=\"wp-block-image size-large\"><img decoding=\"async\" width=\"259\" height=\"194\" data-id=\"216\" src=\"https:\/\/www.fredy.innovaiestp.org\/wp-content\/uploads\/2025\/05\/local.jpg\" alt=\"\" class=\"wp-image-216\"\/><\/figure>\n\n\n\n<figure class=\"wp-block-image size-large\"><img decoding=\"async\" width=\"273\" height=\"184\" data-id=\"208\" src=\"https:\/\/www.fredy.innovaiestp.org\/wp-content\/uploads\/2025\/05\/CAPACITACION.jpg\" alt=\"\" class=\"wp-image-208\"\/><\/figure>\n\n\n\n<figure class=\"wp-block-image size-large\"><img loading=\"lazy\" decoding=\"async\" width=\"1024\" height=\"377\" data-id=\"133\" src=\"https:\/\/www.fredy.innovaiestp.org\/wp-content\/uploads\/2025\/05\/slider-3-1-1024x377.jpg\" alt=\"\" class=\"wp-image-133\" srcset=\"https:\/\/www.fredy.innovaiestp.org\/wp-content\/uploads\/2025\/05\/slider-3-1-1024x377.jpg 1024w, https:\/\/www.fredy.innovaiestp.org\/wp-content\/uploads\/2025\/05\/slider-3-1-300x111.jpg 300w, https:\/\/www.fredy.innovaiestp.org\/wp-content\/uploads\/2025\/05\/slider-3-1-768x283.jpg 768w, https:\/\/www.fredy.innovaiestp.org\/wp-content\/uploads\/2025\/05\/slider-3-1-400x147.jpg 400w, https:\/\/www.fredy.innovaiestp.org\/wp-content\/uploads\/2025\/05\/slider-3-1.jpg 1476w\" sizes=\"(max-width: 1024px) 100vw, 1024px\" \/><\/figure>\n<\/figure>\n\n\n\n<p class=\"has-navy-blue-color has-text-color has-link-color wp-elements-872b2a2c6bd38ac81c3d7816e82d9586\">La instituci\u00f3n est\u00e1 comprometida con una educaci\u00f3n que desarrolla no solo las habilidades acad\u00e9micas, sino tambi\u00e9n las competencias sociales, emocionales y \u00e9ticas en sus estudiantes. Esto se logra a trav\u00e9s de:<\/p>\n\n\n\n<ul class=\"wp-block-list\">\n<li class=\"has-navy-blue-color has-text-color has-link-color wp-elements-0830b88c4579eef92e96335e64947966\"><strong>Curr\u00edculo diversificado y contextualizado:<\/strong> Adaptado a la realidad cultural y social de Villa Socca, integrando contenidos que valoran la identidad local y la interculturalidad, lo que ayuda a los estudiantes a sentirse orgullosos de sus ra\u00edces.<\/li>\n\n\n\n<li class=\"has-navy-blue-color has-text-color has-link-color wp-elements-d49e40be4f67bf013182ed1a6789adbf\"><strong>Actividades extracurriculares:<\/strong> Se promueven deportes, talleres art\u00edsticos, ferias cient\u00edficas y proyectos comunitarios que fortalecen las habilidades de liderazgo, trabajo en equipo y creatividad, prepar\u00e1ndolos para enfrentar los desaf\u00edos de la vida.<\/li>\n\n\n\n<li class=\"has-navy-blue-color has-text-color has-link-color wp-elements-9c5ad714e0bcfcf804b74bd219760c77\"><strong>Educaci\u00f3n para la ciudadan\u00eda:<\/strong> Se fomenta en los alumnos el respeto por los derechos humanos, la participaci\u00f3n democr\u00e1tica y el cuidado del medio ambiente, promoviendo una conciencia social responsable.<\/li>\n<\/ul>\n\n\n\n<h2 class=\"wp-block-heading has-green-color has-text-color has-link-color wp-elements-aaa8cc20dfdea26a91aa4cac171a25b9\"><strong>Retos y Oportunidades<\/strong><\/h2>\n\n\n\n<p class=\"has-navy-blue-color has-text-color has-link-color wp-elements-3cd9fd4dc263aadea1c57f207f3eab73\">Como muchas instituciones educativas rurales, la I.E. T\u00fapac Katari enfrenta ciertos retos que afectan la calidad educativa, tales como limitaciones en infraestructura, acceso a tecnolog\u00eda y recursos did\u00e1cticos, y la necesidad de fortalecer la formaci\u00f3n continua del personal docente. Sin embargo, estos retos tambi\u00e9n son oportunidades para innovar y fortalecer el compromiso de toda la comunidad educativa.<\/p>\n\n\n\n<ul class=\"wp-block-list\">\n<li class=\"has-navy-blue-color has-text-color has-link-color wp-elements-113a00d5c61fcb8855207c5d1307eb3b\"><strong>Acceso a tecnolog\u00eda:<\/strong> La incorporaci\u00f3n gradual de recursos tecnol\u00f3gicos en el aula abre nuevas posibilidades para el aprendizaje interactivo y el acceso a informaci\u00f3n actualizada.<\/li>\n\n\n\n<li class=\"has-navy-blue-color has-text-color has-link-color wp-elements-12afe50520ccab63a5f979420396c9c2\"><strong>Capacitaci\u00f3n docente:<\/strong> La constante actualizaci\u00f3n y formaci\u00f3n de los profesores garantiza que se utilicen metodolog\u00edas modernas y efectivas que respondan a las necesidades de los estudiantes.<\/li>\n\n\n\n<li class=\"has-navy-blue-color has-text-color has-link-color wp-elements-e3b710d3daee4118df47107e96f32127\"><strong>Participaci\u00f3n comunitaria:<\/strong> La colaboraci\u00f3n activa de padres, autoridades locales y estudiantes fortalece el sentido de pertenencia y contribuye al desarrollo sostenible de la instituci\u00f3n.<\/li>\n<\/ul>\n\n\n\n<h2 class=\"wp-block-heading has-green-color has-text-color has-link-color wp-elements-d8fa447b2336dcb9bb633d9c70c24abc\"><strong>Un Espacio de Crecimiento Personal y Acad\u00e9mico<\/strong><\/h2>\n\n\n\n<p class=\"has-navy-blue-color has-text-color has-link-color wp-elements-dc6643f1d6fa4acf55628db82e9b5e1a\">La I.E. T\u00fapac Katari es un espacio donde los estudiantes no solo adquieren conocimientos, sino tambi\u00e9n valores fundamentales como la solidaridad, la perseverancia y el respeto. La instituci\u00f3n trabaja para que cada joven pueda desarrollar su m\u00e1ximo potencial y construir un futuro lleno de posibilidades, aportando al desarrollo de Villa Socca y la regi\u00f3n en general.<\/p>\n\n\n\n<figure class=\"wp-block-gallery has-nested-images columns-default is-cropped wp-block-gallery-2 is-layout-flex wp-block-gallery-is-layout-flex\">\n<figure class=\"wp-block-image size-large\"><img loading=\"lazy\" decoding=\"async\" width=\"300\" height=\"168\" data-id=\"328\" src=\"https:\/\/www.fredy.innovaiestp.org\/wp-content\/uploads\/2025\/05\/LIMA_01.jpg\" alt=\"\" class=\"wp-image-328\"\/><\/figure>\n\n\n\n<figure class=\"wp-block-image size-large\"><img loading=\"lazy\" decoding=\"async\" width=\"1024\" height=\"683\" data-id=\"317\" src=\"https:\/\/www.fredy.innovaiestp.org\/wp-content\/uploads\/2025\/05\/mi_vi_02-1024x683.jpg\" alt=\"\" class=\"wp-image-317\" srcset=\"https:\/\/www.fredy.innovaiestp.org\/wp-content\/uploads\/2025\/05\/mi_vi_02-1024x683.jpg 1024w, https:\/\/www.fredy.innovaiestp.org\/wp-content\/uploads\/2025\/05\/mi_vi_02-300x200.jpg 300w, https:\/\/www.fredy.innovaiestp.org\/wp-content\/uploads\/2025\/05\/mi_vi_02-768x512.jpg 768w, https:\/\/www.fredy.innovaiestp.org\/wp-content\/uploads\/2025\/05\/mi_vi_02-1536x1024.jpg 1536w, https:\/\/www.fredy.innovaiestp.org\/wp-content\/uploads\/2025\/05\/mi_vi_02-400x267.jpg 400w, https:\/\/www.fredy.innovaiestp.org\/wp-content\/uploads\/2025\/05\/mi_vi_02.jpg 2048w\" sizes=\"(max-width: 1024px) 100vw, 1024px\" \/><\/figure>\n\n\n\n<figure class=\"wp-block-image size-large\"><img loading=\"lazy\" decoding=\"async\" width=\"600\" height=\"336\" data-id=\"318\" src=\"https:\/\/www.fredy.innovaiestp.org\/wp-content\/uploads\/2025\/05\/mi_vi_03.jpg\" alt=\"\" class=\"wp-image-318\" srcset=\"https:\/\/www.fredy.innovaiestp.org\/wp-content\/uploads\/2025\/05\/mi_vi_03.jpg 600w, https:\/\/www.fredy.innovaiestp.org\/wp-content\/uploads\/2025\/05\/mi_vi_03-300x168.jpg 300w, https:\/\/www.fredy.innovaiestp.org\/wp-content\/uploads\/2025\/05\/mi_vi_03-400x224.jpg 400w\" sizes=\"(max-width: 600px) 100vw, 600px\" \/><\/figure>\n\n\n\n<figure class=\"wp-block-image size-large\"><img loading=\"lazy\" decoding=\"async\" width=\"370\" height=\"242\" data-id=\"142\" src=\"https:\/\/www.fredy.innovaiestp.org\/wp-content\/uploads\/2025\/05\/lawakumos.jpg\" alt=\"\" class=\"wp-image-142\" srcset=\"https:\/\/www.fredy.innovaiestp.org\/wp-content\/uploads\/2025\/05\/lawakumos.jpg 370w, https:\/\/www.fredy.innovaiestp.org\/wp-content\/uploads\/2025\/05\/lawakumos-300x196.jpg 300w\" sizes=\"(max-width: 370px) 100vw, 370px\" \/><\/figure>\n\n\n\n<figure class=\"wp-block-image size-large\"><img loading=\"lazy\" decoding=\"async\" width=\"1024\" height=\"576\" data-id=\"116\" src=\"https:\/\/www.fredy.innovaiestp.org\/wp-content\/uploads\/2025\/05\/COLEGIO_01-1024x576.webp\" alt=\"\" class=\"wp-image-116\" srcset=\"https:\/\/www.fredy.innovaiestp.org\/wp-content\/uploads\/2025\/05\/COLEGIO_01-1024x576.webp 1024w, https:\/\/www.fredy.innovaiestp.org\/wp-content\/uploads\/2025\/05\/COLEGIO_01-300x169.webp 300w, https:\/\/www.fredy.innovaiestp.org\/wp-content\/uploads\/2025\/05\/COLEGIO_01-768x432.webp 768w, https:\/\/www.fredy.innovaiestp.org\/wp-content\/uploads\/2025\/05\/COLEGIO_01-400x225.webp 400w, https:\/\/www.fredy.innovaiestp.org\/wp-content\/uploads\/2025\/05\/COLEGIO_01.webp 1280w\" sizes=\"(max-width: 1024px) 100vw, 1024px\" \/><\/figure>\n<\/figure>\n","protected":false},"excerpt":{"rendered":"<p>La Educaci\u00f3n en la Instituci\u00f3n Educativa Secundaria T\u00fapac Katari de Villa Socca La educaci\u00f3n que se imparte en la Instituci\u00f3n Educativa Secundaria T\u00fapac Katari de Villa Socca va m\u00e1s all\u00e1 de la simple transmisi\u00f3n de conocimientos. En esta comunidad, la educaci\u00f3n se entiende como un proceso integral que busca formar personas cr\u00edticas, creativas y comprometidas [&hellip;]<\/p>\n","protected":false},"author":1,"featured_media":0,"parent":0,"menu_order":0,"comment_status":"closed","ping_status":"closed","template":"","meta":{"footnotes":""},"class_list":["post-98","page","type-page","status-publish","hentry"],"yoast_head":"<!-- This site is optimized with the Yoast SEO plugin v25.1 - https:\/\/yoast.com\/wordpress\/plugins\/seo\/ -->\n<title>6_EDUCACION - INSTITUCION EDUCATIVA TUPAQ KATARI SOCCA<\/title>\n<meta name=\"robots\" content=\"index, follow, max-snippet:-1, max-image-preview:large, max-video-preview:-1\" \/>\n<link rel=\"canonical\" href=\"https:\/\/www.fredy.innovaiestp.org\/index.php\/6_educacion\/\" \/>\n<meta property=\"og:locale\" content=\"es_ES\" \/>\n<meta property=\"og:type\" content=\"article\" \/>\n<meta property=\"og:title\" content=\"6_EDUCACION - INSTITUCION EDUCATIVA TUPAQ KATARI SOCCA\" \/>\n<meta property=\"og:description\" content=\"La Educaci\u00f3n en la Instituci\u00f3n Educativa Secundaria T\u00fapac Katari de Villa Socca La educaci\u00f3n que se imparte en la Instituci\u00f3n Educativa Secundaria T\u00fapac Katari de Villa Socca va m\u00e1s all\u00e1 de la simple transmisi\u00f3n de conocimientos. En esta comunidad, la educaci\u00f3n se entiende como un proceso integral que busca formar personas cr\u00edticas, creativas y comprometidas [&hellip;]\" \/>\n<meta property=\"og:url\" content=\"https:\/\/www.fredy.innovaiestp.org\/index.php\/6_educacion\/\" \/>\n<meta property=\"og:site_name\" content=\"INSTITUCION EDUCATIVA TUPAQ KATARI SOCCA\" \/>\n<meta property=\"article:modified_time\" content=\"2025-05-27T14:04:09+00:00\" \/>\n<meta property=\"og:image\" content=\"https:\/\/www.fredy.innovaiestp.org\/wp-content\/uploads\/2025\/05\/local_02.jpg\" \/>\n<meta name=\"twitter:card\" content=\"summary_large_image\" \/>\n<meta name=\"twitter:label1\" content=\"Tiempo de lectura\" \/>\n\t<meta name=\"twitter:data1\" content=\"4 minutos\" \/>\n<script type=\"application\/ld+json\" class=\"yoast-schema-graph\">{\"@context\":\"https:\/\/schema.org\",\"@graph\":[{\"@type\":\"WebPage\",\"@id\":\"https:\/\/www.fredy.innovaiestp.org\/index.php\/6_educacion\/\",\"url\":\"https:\/\/www.fredy.innovaiestp.org\/index.php\/6_educacion\/\",\"name\":\"6_EDUCACION - INSTITUCION EDUCATIVA TUPAQ KATARI SOCCA\",\"isPartOf\":{\"@id\":\"https:\/\/www.fredy.innovaiestp.org\/#website\"},\"primaryImageOfPage\":{\"@id\":\"https:\/\/www.fredy.innovaiestp.org\/index.php\/6_educacion\/#primaryimage\"},\"image\":{\"@id\":\"https:\/\/www.fredy.innovaiestp.org\/index.php\/6_educacion\/#primaryimage\"},\"thumbnailUrl\":\"https:\/\/www.fredy.innovaiestp.org\/wp-content\/uploads\/2025\/05\/local_02.jpg\",\"datePublished\":\"2025-05-20T13:53:41+00:00\",\"dateModified\":\"2025-05-27T14:04:09+00:00\",\"breadcrumb\":{\"@id\":\"https:\/\/www.fredy.innovaiestp.org\/index.php\/6_educacion\/#breadcrumb\"},\"inLanguage\":\"es\",\"potentialAction\":[{\"@type\":\"ReadAction\",\"target\":[\"https:\/\/www.fredy.innovaiestp.org\/index.php\/6_educacion\/\"]}]},{\"@type\":\"ImageObject\",\"inLanguage\":\"es\",\"@id\":\"https:\/\/www.fredy.innovaiestp.org\/index.php\/6_educacion\/#primaryimage\",\"url\":\"https:\/\/www.fredy.innovaiestp.org\/wp-content\/uploads\/2025\/05\/local_02.jpg\",\"contentUrl\":\"https:\/\/www.fredy.innovaiestp.org\/wp-content\/uploads\/2025\/05\/local_02.jpg\",\"width\":259,\"height\":194},{\"@type\":\"BreadcrumbList\",\"@id\":\"https:\/\/www.fredy.innovaiestp.org\/index.php\/6_educacion\/#breadcrumb\",\"itemListElement\":[{\"@type\":\"ListItem\",\"position\":1,\"name\":\"Portada\",\"item\":\"https:\/\/www.fredy.innovaiestp.org\/\"},{\"@type\":\"ListItem\",\"position\":2,\"name\":\"6_EDUCACION\"}]},{\"@type\":\"WebSite\",\"@id\":\"https:\/\/www.fredy.innovaiestp.org\/#website\",\"url\":\"https:\/\/www.fredy.innovaiestp.org\/\",\"name\":\"INSTITUCION EDUCATIVA TUPAQ KATARI SOCCA\",\"description\":\"Colegio de jornada escolar completa (jec) es una pol\u00edtica educativa implementada por el Ministerio de Educaci\u00f3n del Per\u00fa desde el a\u00f1o 2015. Su objetivo principal es mejorar la calidad del aprendizaje en las instituciones educativas p\u00fablicas de nivel secundario.\",\"publisher\":{\"@id\":\"https:\/\/www.fredy.innovaiestp.org\/#organization\"},\"potentialAction\":[{\"@type\":\"SearchAction\",\"target\":{\"@type\":\"EntryPoint\",\"urlTemplate\":\"https:\/\/www.fredy.innovaiestp.org\/?s={search_term_string}\"},\"query-input\":{\"@type\":\"PropertyValueSpecification\",\"valueRequired\":true,\"valueName\":\"search_term_string\"}}],\"inLanguage\":\"es\"},{\"@type\":\"Organization\",\"@id\":\"https:\/\/www.fredy.innovaiestp.org\/#organization\",\"name\":\"INSTITUCION EDUCATIVA TUPAQ KATARI SOCCA\",\"url\":\"https:\/\/www.fredy.innovaiestp.org\/\",\"logo\":{\"@type\":\"ImageObject\",\"inLanguage\":\"es\",\"@id\":\"https:\/\/www.fredy.innovaiestp.org\/#\/schema\/logo\/image\/\",\"url\":\"https:\/\/www.fredy.innovaiestp.org\/wp-content\/uploads\/2025\/05\/cropped-insignia-tk-1.png\",\"contentUrl\":\"https:\/\/www.fredy.innovaiestp.org\/wp-content\/uploads\/2025\/05\/cropped-insignia-tk-1.png\",\"width\":50,\"height\":50,\"caption\":\"INSTITUCION EDUCATIVA TUPAQ KATARI SOCCA\"},\"image\":{\"@id\":\"https:\/\/www.fredy.innovaiestp.org\/#\/schema\/logo\/image\/\"}}]}<\/script>\n<!-- \/ Yoast SEO plugin. -->","yoast_head_json":{"title":"6_EDUCACION - INSTITUCION EDUCATIVA TUPAQ KATARI SOCCA","robots":{"index":"index","follow":"follow","max-snippet":"max-snippet:-1","max-image-preview":"max-image-preview:large","max-video-preview":"max-video-preview:-1"},"canonical":"https:\/\/www.fredy.innovaiestp.org\/index.php\/6_educacion\/","og_locale":"es_ES","og_type":"article","og_title":"6_EDUCACION - INSTITUCION EDUCATIVA TUPAQ KATARI SOCCA","og_description":"La Educaci\u00f3n en la Instituci\u00f3n Educativa Secundaria T\u00fapac Katari de Villa Socca La educaci\u00f3n que se imparte en la Instituci\u00f3n Educativa Secundaria T\u00fapac Katari de Villa Socca va m\u00e1s all\u00e1 de la simple transmisi\u00f3n de conocimientos. En esta comunidad, la educaci\u00f3n se entiende como un proceso integral que busca formar personas cr\u00edticas, creativas y comprometidas [&hellip;]","og_url":"https:\/\/www.fredy.innovaiestp.org\/index.php\/6_educacion\/","og_site_name":"INSTITUCION EDUCATIVA TUPAQ KATARI SOCCA","article_modified_time":"2025-05-27T14:04:09+00:00","og_image":[{"url":"https:\/\/www.fredy.innovaiestp.org\/wp-content\/uploads\/2025\/05\/local_02.jpg","type":"","width":"","height":""}],"twitter_card":"summary_large_image","twitter_misc":{"Tiempo de lectura":"4 minutos"},"schema":{"@context":"https:\/\/schema.org","@graph":[{"@type":"WebPage","@id":"https:\/\/www.fredy.innovaiestp.org\/index.php\/6_educacion\/","url":"https:\/\/www.fredy.innovaiestp.org\/index.php\/6_educacion\/","name":"6_EDUCACION - INSTITUCION EDUCATIVA TUPAQ KATARI SOCCA","isPartOf":{"@id":"https:\/\/www.fredy.innovaiestp.org\/#website"},"primaryImageOfPage":{"@id":"https:\/\/www.fredy.innovaiestp.org\/index.php\/6_educacion\/#primaryimage"},"image":{"@id":"https:\/\/www.fredy.innovaiestp.org\/index.php\/6_educacion\/#primaryimage"},"thumbnailUrl":"https:\/\/www.fredy.innovaiestp.org\/wp-content\/uploads\/2025\/05\/local_02.jpg","datePublished":"2025-05-20T13:53:41+00:00","dateModified":"2025-05-27T14:04:09+00:00","breadcrumb":{"@id":"https:\/\/www.fredy.innovaiestp.org\/index.php\/6_educacion\/#breadcrumb"},"inLanguage":"es","potentialAction":[{"@type":"ReadAction","target":["https:\/\/www.fredy.innovaiestp.org\/index.php\/6_educacion\/"]}]},{"@type":"ImageObject","inLanguage":"es","@id":"https:\/\/www.fredy.innovaiestp.org\/index.php\/6_educacion\/#primaryimage","url":"https:\/\/www.fredy.innovaiestp.org\/wp-content\/uploads\/2025\/05\/local_02.jpg","contentUrl":"https:\/\/www.fredy.innovaiestp.org\/wp-content\/uploads\/2025\/05\/local_02.jpg","width":259,"height":194},{"@type":"BreadcrumbList","@id":"https:\/\/www.fredy.innovaiestp.org\/index.php\/6_educacion\/#breadcrumb","itemListElement":[{"@type":"ListItem","position":1,"name":"Portada","item":"https:\/\/www.fredy.innovaiestp.org\/"},{"@type":"ListItem","position":2,"name":"6_EDUCACION"}]},{"@type":"WebSite","@id":"https:\/\/www.fredy.innovaiestp.org\/#website","url":"https:\/\/www.fredy.innovaiestp.org\/","name":"INSTITUCION EDUCATIVA TUPAQ KATARI SOCCA","description":"Colegio de jornada escolar completa (jec) es una pol\u00edtica educativa implementada por el Ministerio de Educaci\u00f3n del Per\u00fa desde el a\u00f1o 2015. Su objetivo principal es mejorar la calidad del aprendizaje en las instituciones educativas p\u00fablicas de nivel secundario.","publisher":{"@id":"https:\/\/www.fredy.innovaiestp.org\/#organization"},"potentialAction":[{"@type":"SearchAction","target":{"@type":"EntryPoint","urlTemplate":"https:\/\/www.fredy.innovaiestp.org\/?s={search_term_string}"},"query-input":{"@type":"PropertyValueSpecification","valueRequired":true,"valueName":"search_term_string"}}],"inLanguage":"es"},{"@type":"Organization","@id":"https:\/\/www.fredy.innovaiestp.org\/#organization","name":"INSTITUCION EDUCATIVA TUPAQ KATARI SOCCA","url":"https:\/\/www.fredy.innovaiestp.org\/","logo":{"@type":"ImageObject","inLanguage":"es","@id":"https:\/\/www.fredy.innovaiestp.org\/#\/schema\/logo\/image\/","url":"https:\/\/www.fredy.innovaiestp.org\/wp-content\/uploads\/2025\/05\/cropped-insignia-tk-1.png","contentUrl":"https:\/\/www.fredy.innovaiestp.org\/wp-content\/uploads\/2025\/05\/cropped-insignia-tk-1.png","width":50,"height":50,"caption":"INSTITUCION EDUCATIVA TUPAQ KATARI SOCCA"},"image":{"@id":"https:\/\/www.fredy.innovaiestp.org\/#\/schema\/logo\/image\/"}}]}},"_links":{"self":[{"href":"https:\/\/www.fredy.innovaiestp.org\/index.php\/wp-json\/wp\/v2\/pages\/98","targetHints":{"allow":["GET"]}}],"collection":[{"href":"https:\/\/www.fredy.innovaiestp.org\/index.php\/wp-json\/wp\/v2\/pages"}],"about":[{"href":"https:\/\/www.fredy.innovaiestp.org\/index.php\/wp-json\/wp\/v2\/types\/page"}],"author":[{"embeddable":true,"href":"https:\/\/www.fredy.innovaiestp.org\/index.php\/wp-json\/wp\/v2\/users\/1"}],"replies":[{"embeddable":true,"href":"https:\/\/www.fredy.innovaiestp.org\/index.php\/wp-json\/wp\/v2\/comments?post=98"}],"version-history":[{"count":3,"href":"https:\/\/www.fredy.innovaiestp.org\/index.php\/wp-json\/wp\/v2\/pages\/98\/revisions"}],"predecessor-version":[{"id":364,"href":"https:\/\/www.fredy.innovaiestp.org\/index.php\/wp-json\/wp\/v2\/pages\/98\/revisions\/364"}],"wp:attachment":[{"href":"https:\/\/www.fredy.innovaiestp.org\/index.php\/wp-json\/wp\/v2\/media?parent=98"}],"curies":[{"name":"wp","href":"https:\/\/api.w.org\/{rel}","templated":true}]}}